{"id":42,"date":"2014-06-13T10:06:03","date_gmt":"2014-06-13T09:06:03","guid":{"rendered":"http:\/\/fo-chu-nantes.fr\/?page_id=42"},"modified":"2014-06-26T17:55:10","modified_gmt":"2014-06-26T16:55:10","slug":"histoire-2","status":"publish","type":"page","link":"https:\/\/fo-chu-nantes.fr\/?page_id=42","title":{"rendered":"Histoire"},"content":{"rendered":"<p style=\"text-align: justify;\">N\u00e9e en 1895 sous l\u2019appellation CGT, la CGT-FO est apparue sous ce sigle en 1948 \u00e0 l\u2019initiative de militant(e)s refusant l\u2019emprise du parti communiste sur la CGT.<\/p>\n<div class=\"simplePullQuote right\">\n<p><a href=\"http:\/\/fo-chu-nantes.fr\/wp-content\/uploads\/logonb.jpg\"><img loading=\"lazy\" decoding=\"async\" class=\"alignnone size-thumbnail wp-image-153\" src=\"http:\/\/fo-chu-nantes.fr\/wp-content\/uploads\/logonb-150x150.jpg\" alt=\"logonb\" width=\"150\" height=\"150\" srcset=\"https:\/\/fo-chu-nantes.fr\/wp-content\/uploads\/logonb-150x150.jpg 150w, https:\/\/fo-chu-nantes.fr\/wp-content\/uploads\/logonb.jpg 300w, https:\/\/fo-chu-nantes.fr\/wp-content\/uploads\/logonb-80x80.jpg 80w, https:\/\/fo-chu-nantes.fr\/wp-content\/uploads\/logonb-200x200.jpg 200w\" sizes=\"(max-width: 150px) 100vw, 150px\" \/><\/a><\/p>\n<\/div>\n<p style=\"text-align: justify;\">Depuis ses origines, le principe et la pratique de l\u2019ind\u00e9pendance syndicale sont au c\u0153ur de son comportement, de ses analyses, de son r\u00f4le. Cette ind\u00e9pendance vaut \u00e0 l\u2019\u00e9gard des partis politiques, des gouvernements, de l\u2019\u00c9tat, du patronat et des \u00e9glises.<\/p>\n<p style=\"text-align: justify;\">Ainsi, par principe Force Ouvri\u00e8re ne prend pas position \u00e0 l\u2019occasion des consultations politiques \u00e9lectorales \u00e0 tous les niveaux. L\u2019exception, conforme aux statuts conf\u00e9d\u00e9raux, a eu lieu en 1969, \u00e0 l\u2019occasion d\u2019un r\u00e9f\u00e9rendum parce que nous avions consid\u00e9r\u00e9 que la mise en place d\u2019un s\u00e9nat \u00e9conomique et social conduirait au corporatisme et \u00e0 l\u2019int\u00e9gration du mouvement syndical, deux \u00e9l\u00e9ments contraires \u00e0 l\u2019ind\u00e9pendance.<\/p>\n<p style=\"text-align: justify;\">\u00c0 l\u2019origine, au plan syndical, de la cr\u00e9ation de nombreuses structures de protection sociale collective (UNEDIC \u2013 Retraites compl\u00e9mentaires notamment), la CGT-Force Ouvri\u00e8re, commun\u00e9ment appel\u00e9e Force Ouvri\u00e8re a toujours consid\u00e9r\u00e9 que la pratique contractuelle \u00e9tait un outil important pour construire et d\u00e9velopper des droits collectifs \u00e0 tous les niveaux (interprofessionnel \u2013 branches d\u2019activit\u00e9 \u2013 entreprises).<\/p>\n<p style=\"text-align: justify;\">En ce sens, Force Ouvri\u00e8re a toujours combattu le tout \u00c9tat comme le tout march\u00e9.<\/p>\n<div class=\"simplePullQuote right\">\n<p><a href=\"http:\/\/fo-chu-nantes.fr\/wp-content\/uploads\/FO_continue_la_CGT_-_sept_2011.png\"><img loading=\"lazy\" decoding=\"async\" class=\"alignnone size-thumbnail wp-image-155\" src=\"http:\/\/fo-chu-nantes.fr\/wp-content\/uploads\/FO_continue_la_CGT_-_sept_2011-150x150.png\" alt=\"FO_continue_la_CGT_-_sept_2011\" width=\"150\" height=\"150\" srcset=\"https:\/\/fo-chu-nantes.fr\/wp-content\/uploads\/FO_continue_la_CGT_-_sept_2011-150x150.png 150w, https:\/\/fo-chu-nantes.fr\/wp-content\/uploads\/FO_continue_la_CGT_-_sept_2011-80x80.png 80w, https:\/\/fo-chu-nantes.fr\/wp-content\/uploads\/FO_continue_la_CGT_-_sept_2011-200x200.png 200w\" sizes=\"(max-width: 150px) 100vw, 150px\" \/><\/a><\/p>\n<\/div>\n<p style=\"text-align: justify;\">Fondamentalement attach\u00e9e aux valeurs r\u00e9publicaines (Libert\u00e9 \u2013 \u00c9galit\u00e9 \u2013 Fraternit\u00e9 \u2013 La\u00efcit\u00e9), elle d\u00e9fend le service public et la s\u00e9curit\u00e9 sociale comme des structures assurant des droits \u00e9gaux aux citoyens.<\/p>\n<p style=\"text-align: justify;\">Cela explique le combat men\u00e9 en 1995 contre l\u2019\u00e9tatisation de la s\u00e9curit\u00e9 sociale ou les conflits avec le patronat sur la refondation sociale, c\u2019est-\u00e0-dire la livraison au march\u00e9 de toutes les structures collectives et solidaires.<\/p>\n<p style=\"text-align: justify;\">Ligne de conduite de Force Ouvri\u00e8re depuis 1895, l\u2019ind\u00e9pendance syndicale est aussi ce qui assure son avenir en tant que valeur fondamentale.<\/p>\n<p style=\"text-align: justify;\">En t\u00e9moigne en France ou ailleurs ceux qui s\u2019y r\u00e9f\u00e8rent ou tentent de s\u2019y r\u00e9f\u00e9rer.<\/p>\n<hr \/>\n<p>&nbsp;<\/p>\n<p><a href=\"http:\/\/fo44.free.fr\/modules.php?name=News&amp;file=categories&amp;op=newindex&amp;catid=13\" target=_blank> Pour creuser un peu &#8230; <\/a><\/p>\n","protected":false},"excerpt":{"rendered":"<p>N\u00e9e en 1895 sous l\u2019appellation CGT, la CGT-FO est apparue sous ce sigle en 1948 \u00e0 l\u2019initiative de militant(e)s refusant l\u2019emprise du parti communiste sur la CGT. Depuis ses origines, le principe et la pratique de l\u2019ind\u00e9pendance syndicale sont au c\u0153ur de son comportement, de ses analyses, de son r\u00f4le. Cette ind\u00e9pendance vaut \u00e0 l\u2019\u00e9gard [&hellip;]<\/p>\n","protected":false},"author":1,"featured_media":0,"parent":37,"menu_order":1,"comment_status":"closed","ping_status":"closed","template":"","meta":{"footnotes":""},"_links":{"self":[{"href":"https:\/\/fo-chu-nantes.fr\/index.php?rest_route=\/wp\/v2\/pages\/42"}],"collection":[{"href":"https:\/\/fo-chu-nantes.fr\/index.php?rest_route=\/wp\/v2\/pages"}],"about":[{"href":"https:\/\/fo-chu-nantes.fr\/index.php?rest_route=\/wp\/v2\/types\/page"}],"author":[{"embeddable":true,"href":"https:\/\/fo-chu-nantes.fr\/index.php?rest_route=\/wp\/v2\/users\/1"}],"replies":[{"embeddable":true,"href":"https:\/\/fo-chu-nantes.fr\/index.php?rest_route=%2Fwp%2Fv2%2Fcomments&post=42"}],"version-history":[{"count":10,"href":"https:\/\/fo-chu-nantes.fr\/index.php?rest_route=\/wp\/v2\/pages\/42\/revisions"}],"predecessor-version":[{"id":334,"href":"https:\/\/fo-chu-nantes.fr\/index.php?rest_route=\/wp\/v2\/pages\/42\/revisions\/334"}],"up":[{"embeddable":true,"href":"https:\/\/fo-chu-nantes.fr\/index.php?rest_route=\/wp\/v2\/pages\/37"}],"wp:attachment":[{"href":"https:\/\/fo-chu-nantes.fr\/index.php?rest_route=%2Fwp%2Fv2%2Fmedia&parent=42"}],"curies":[{"name":"wp","href":"https:\/\/api.w.org\/{rel}","templated":true}]}}