{"id":193,"date":"2014-06-25T09:57:56","date_gmt":"2014-06-25T08:57:56","guid":{"rendered":"http:\/\/fo-chu-nantes.fr\/?page_id=193"},"modified":"2014-11-05T12:37:21","modified_gmt":"2014-11-05T11:37:21","slug":"se-syndiquer","status":"publish","type":"page","link":"https:\/\/fo-chu-nantes.fr\/?page_id=193","title":{"rendered":"Se Syndiquer"},"content":{"rendered":"<h2>Se syndiquer \u00e0 FORCE OUVRIERE &#8230; Pourquoi ?<\/h2>\n<p>&nbsp;<\/p>\n<p style=\"text-align: justify;\">Certains diront \u00ab pour \u00eatre d\u00e9fendu \u00bb, d\u2019autres \u00ab pour se d\u00e9fendre ensemble \u00bb. En fait les deux id\u00e9es sont indissociables car se syndiquer c\u2019est s\u2019organiser, c\u2019est unis sur les revendications que l\u2019on peut se faire entendre et respecter.<\/p>\n<div class=\"simplePullQuote right\">\n<h2>Se syndiquer c&#8217;est oser ensemble pour ne pas se r\u00e9signer seul.<\/h2>\n<h2>L\u00e9on Jouhaux<\/h2>\n<\/div>\n<p style=\"text-align: justify;\">Une adh\u00e9sion \u00e0 un syndicat est un acte r\u00e9fl\u00e9chi; alors qu\u2019est ce qui diff\u00e9rencie FO des autres?<br \/>\nChez FO, nous avons toujours privil\u00e9gi\u00e9 la n\u00e9gociation \u00e0 l\u2019agitation.<br \/>\nChez FO, les d\u00e9cisions sont prises en toutes ind\u00e9pendance, que ce soit \u00e0 l\u2019\u00e9gard du patronat, du gouvernement, des partis politiques ou de tout autre groupement ext\u00e9rieur.<br \/>\nChez FO chaque adh\u00e9rent est assur\u00e9 qu\u2019il peut d\u00e9fendre librement son point de vue sur toutes les questions relatives \u00e0 la vie, aux orientations et au d\u00e9veloppement de l\u2019organisation.<br \/>\nVoici bri\u00e8vement pr\u00e9sent\u00e9 Force Ouvri\u00e8re, son esprit, sa fa\u00e7on d\u2019\u00eatre et de fonctionner au service des syndiqu\u00e9s et des salari\u00e9s.<\/p>\n<p>\r\n\t<div class=\"slideshow_container slideshow_container_style-light\" style=\"height: 200px; \" data-slideshow-id=\"204\" data-style-name=\"style-light\" data-style-version=\"2.3.1\" >\r\n\r\n\t\t\t\t\t<div class=\"slideshow_loading_icon\"><\/div>\r\n\t\t\r\n\t\t<div class=\"slideshow_content\" style=\"display: none;\">\r\n\r\n\t\t\t<div class=\"slideshow_view\">\r\n\t\t\t\t<div class=\"slideshow_slide slideshow_slide_image\">\r\n\t\t\t\t\t\t\t\t\t\t\t<img src=\"https:\/\/fo-chu-nantes.fr\/wp-content\/uploads\/bd1.jpg\" alt=\"bd1\" width=\"681\" height=\"470\" \/>\r\n\t\t\t\t\t\t\t\t\t\t<div class=\"slideshow_description_box slideshow_transparent\">\r\n\t\t\t\t\t\t<div class=\"slideshow_title\">bd1<\/div>\t\t\t\t\t\t\t\t\t\t\t<\/div>\r\n\t\t\t\t<\/div>\r\n\r\n\t\t\t\t\t\t<div style=\"clear: both;\"><\/div><\/div><div class=\"slideshow_view\">\r\n\t\t\t\t<div class=\"slideshow_slide slideshow_slide_image\">\r\n\t\t\t\t\t\t\t\t\t\t\t<img src=\"https:\/\/fo-chu-nantes.fr\/wp-content\/uploads\/bd2.jpg\" alt=\"bd2\" width=\"507\" height=\"469\" \/>\r\n\t\t\t\t\t\t\t\t\t\t<div class=\"slideshow_description_box slideshow_transparent\">\r\n\t\t\t\t\t\t<div class=\"slideshow_title\">bd2<\/div>\t\t\t\t\t\t\t\t\t\t\t<\/div>\r\n\t\t\t\t<\/div>\r\n\r\n\t\t\t\t\t\t<div style=\"clear: both;\"><\/div><\/div><div class=\"slideshow_view\">\r\n\t\t\t\t<div class=\"slideshow_slide slideshow_slide_image\">\r\n\t\t\t\t\t\t\t\t\t\t\t<img src=\"https:\/\/fo-chu-nantes.fr\/wp-content\/uploads\/bd3.jpg\" alt=\"bd3\" width=\"372\" height=\"466\" \/>\r\n\t\t\t\t\t\t\t\t\t\t<div class=\"slideshow_description_box slideshow_transparent\">\r\n\t\t\t\t\t\t<div class=\"slideshow_title\">bd3<\/div>\t\t\t\t\t\t\t\t\t\t\t<\/div>\r\n\t\t\t\t<\/div>\r\n\r\n\t\t\t\t\t\t<div style=\"clear: both;\"><\/div><\/div><div class=\"slideshow_view\">\r\n\t\t\t\t<div class=\"slideshow_slide slideshow_slide_image\">\r\n\t\t\t\t\t\t\t\t\t\t\t<img src=\"https:\/\/fo-chu-nantes.fr\/wp-content\/uploads\/bd4.jpg\" alt=\"bd4\" width=\"511\" height=\"466\" \/>\r\n\t\t\t\t\t\t\t\t\t\t<div class=\"slideshow_description_box slideshow_transparent\">\r\n\t\t\t\t\t\t<div class=\"slideshow_title\">bd4<\/div>\t\t\t\t\t\t\t\t\t\t\t<\/div>\r\n\t\t\t\t<\/div>\r\n\r\n\t\t\t\t\t\t<div style=\"clear: both;\"><\/div><\/div><div class=\"slideshow_view\">\r\n\t\t\t\t<div class=\"slideshow_slide slideshow_slide_image\">\r\n\t\t\t\t\t\t\t\t\t\t\t<img src=\"https:\/\/fo-chu-nantes.fr\/wp-content\/uploads\/bd5.jpg\" alt=\"bd5\" width=\"424\" height=\"471\" \/>\r\n\t\t\t\t\t\t\t\t\t\t<div class=\"slideshow_description_box slideshow_transparent\">\r\n\t\t\t\t\t\t<div class=\"slideshow_title\">bd5<\/div>\t\t\t\t\t\t\t\t\t\t\t<\/div>\r\n\t\t\t\t<\/div>\r\n\r\n\t\t\t\t\t\t<div style=\"clear: both;\"><\/div><\/div><div class=\"slideshow_view\">\r\n\t\t\t\t<div class=\"slideshow_slide slideshow_slide_image\">\r\n\t\t\t\t\t\t\t\t\t\t\t<img src=\"https:\/\/fo-chu-nantes.fr\/wp-content\/uploads\/bd6_2.jpg\" alt=\"bd6_2\" width=\"597\" height=\"445\" \/>\r\n\t\t\t\t\t\t\t\t\t\t<div class=\"slideshow_description_box slideshow_transparent\">\r\n\t\t\t\t\t\t<div class=\"slideshow_title\">bd6_2<\/div>\t\t\t\t\t\t\t\t\t\t\t<\/div>\r\n\t\t\t\t<\/div>\r\n\r\n\t\t\t\t\t\t<div style=\"clear: both;\"><\/div><\/div>\r\n\t\t<\/div>\r\n\r\n\t\t<div class=\"slideshow_controlPanel slideshow_transparent\" style=\"display: none;\"><ul><li class=\"slideshow_togglePlay\" data-play-text=\"Play\" data-pause-text=\"Pause\"><\/li><\/ul><\/div>\r\n\r\n\t\t<div class=\"slideshow_button slideshow_previous slideshow_transparent\" role=\"button\" data-previous-text=\"Pr\u00e9c\u00e9dent\" style=\"display: none;\"><\/div>\r\n\t\t<div class=\"slideshow_button slideshow_next slideshow_transparent\" role=\"button\" data-next-text=\"Suivant\" style=\"display: none;\"><\/div>\r\n\r\n\t\t<div class=\"slideshow_pagination\" style=\"display: none;\" data-go-to-text=\"Go to slide\"><div class=\"slideshow_pagination_center\"><\/div><\/div>\r\n\r\n\t\t<!-- WordPress Slideshow Version 2.3.1 -->\r\n\r\n\t\t\t<\/div>\r\n\r\n<\/p>\n<p style=\"text-align: justify;\">FO est un syndicat qui puise son origine dans la premi\u00e8re Conf\u00e9d\u00e9ration interprofessionnelle, cr\u00e9\u00e9e \u00e0 Limoges en 1895 : la Conf\u00e9d\u00e9ration G\u00e9n\u00e9rale du Travail.<br \/>\nCette &#8220;CGT&#8221; \u00e0 l\u2019\u00e9poque avait pour seul objet la d\u00e9fense des int\u00e9r\u00eats des salari\u00e9s.<br \/>\nLa CGT-FO est apparue sous ce sigle en 1948 \u00e0 l&#8217;initiative de militants refusant l&#8217;emprise du parti communiste sur la CGT.<br \/>\nDepuis ses origines, le principe et la pratique de l&#8217;ind\u00e9pendance syndicale sont au coeur de son comportement, de ses analyses, de son r\u00f4le. Cette ind\u00e9pendance vaut \u00e0 l&#8217;\u00e9gard des partis politiques, des gouvernements, de l&#8217;\u00c9tat, du patronat et des \u00e9glises.<\/p>\n<p><a href=\"http:\/\/fo-chu-nantes.fr\/wp-content\/uploads\/la-charte-dAmiens.png\"><img loading=\"lazy\" decoding=\"async\" class=\"alignleft size-full wp-image-211\" src=\"http:\/\/fo-chu-nantes.fr\/wp-content\/uploads\/la-charte-dAmiens.png\" alt=\"la charte d'Amiens\" width=\"246\" height=\"210\" \/><\/a><\/p>\n<p style=\"text-align: justify;\">Ainsi, par principe Force Ouvri\u00e8re ne prend pas position \u00e0 l&#8217;occasion des consultations politiques \u00e9lectorales \u00e0 tous les niveaux. L&#8217;exception, conforme aux statuts conf\u00e9d\u00e9raux, a eu lieu en 1969, \u00e0 l&#8217;occasion d&#8217;un r\u00e9f\u00e9rendum parce que nous avions consid\u00e9r\u00e9 que la mise en place d&#8217;un s\u00e9nat \u00e9conomique et social conduirait au corporatisme et \u00e0 l&#8217;int\u00e9gration du mouvement syndical, deux \u00e9l\u00e9ments contraires \u00e0 l&#8217;ind\u00e9pendance.<br \/>\n\u00c0 l&#8217;origine, au plan syndical, de la cr\u00e9ation de nombreuses structures de protection sociale collective (UNEDIC &#8211; Retraites compl\u00e9mentaires notamment, et l\u2019ANFH et le CGOS dans la Fonction Publique Hospitali\u00e8re), la CGT-Force Ouvri\u00e8re, commun\u00e9ment appel\u00e9e Force Ouvri\u00e8re a toujours consid\u00e9r\u00e9 que la pratique contractuelle \u00e9tait un outil important pour construire et d\u00e9velopper des droits collectifs \u00e0 tous les niveaux interprofessionnel &#8211; branches d&#8217;activit\u00e9 &#8211; entreprises).<\/p>\n<p style=\"text-align: justify;\">En ce sens, Force Ouvri\u00e8re a toujours combattu le tout \u00c9tat comme le tout march\u00e9.<br \/>\nFondamentalement attach\u00e9e aux valeurs r\u00e9publicaines (Libert\u00e9 &#8211; \u00c9galit\u00e9 &#8211; Fraternit\u00e9 &#8211; La\u00efcit\u00e9), elle d\u00e9fend le service public et la s\u00e9curit\u00e9 sociale comme des structures assurant des droits \u00e9gaux aux citoyens.<\/p>\n<p><a href=\"http:\/\/fo-chu-nantes.fr\/wp-content\/uploads\/defensedustatut.jpg\"><img loading=\"lazy\" decoding=\"async\" class=\"alignright size-thumbnail wp-image-215\" src=\"http:\/\/fo-chu-nantes.fr\/wp-content\/uploads\/defensedustatut-150x150.jpg\" alt=\"defensedustatut\" width=\"150\" height=\"150\" srcset=\"https:\/\/fo-chu-nantes.fr\/wp-content\/uploads\/defensedustatut-150x150.jpg 150w, https:\/\/fo-chu-nantes.fr\/wp-content\/uploads\/defensedustatut-80x80.jpg 80w, https:\/\/fo-chu-nantes.fr\/wp-content\/uploads\/defensedustatut-200x200.jpg 200w\" sizes=\"(max-width: 150px) 100vw, 150px\" \/><\/a><\/p>\n<p style=\"text-align: justify;\">Cela explique le combat men\u00e9 en 1995 contre l&#8217;\u00e9tatisation de la s\u00e9curit\u00e9 sociale ou les conflits avec le patronat sur la refondation sociale, c&#8217;est-\u00e0-dire la livraison au march\u00e9 de toutes les structures collectives et solidaires.<br \/>\nLigne de conduite de Force Ouvri\u00e8re depuis 1895, l&#8217;ind\u00e9pendance syndicale est aussi ce qui assure son avenir en tant que valeur fondamentale.<br \/>\nNotre avenir, celui de nos enfants, sont li\u00e9s aux droits collectifs et individuels ainsi qu\u2019au respect des droits sociaux qui sont les fondements effectifs des valeurs r\u00e9publicaines : le Code du travail, la S\u00e9curit\u00e9 sociale, l\u2019Enseignement et les Services publics.<\/p>\n<p><a href=\"http:\/\/fo-chu-nantes.fr\/wp-content\/uploads\/libresind\u00e9pendantsd\u00e9termin\u00e9s.png\"><img loading=\"lazy\" decoding=\"async\" class=\"alignleft size-full wp-image-212\" src=\"http:\/\/fo-chu-nantes.fr\/wp-content\/uploads\/libresind\u00e9pendantsd\u00e9termin\u00e9s.png\" alt=\"libresind\u00e9pendantsd\u00e9termin\u00e9s\" width=\"169\" height=\"235\" \/><\/a><\/p>\n<p style=\"text-align: justify;\">Alors pour les d\u00e9fendre, pour se d\u00e9fendre, mais aussi pour acqu\u00e9rir de nouveaux droits, pour plus de solidarit\u00e9, prenez votre avenir en main !<\/p>\n<p style=\"text-align: justify;\">Avec ses Unions d\u00e9partementales et ses F\u00e9d\u00e9rations nationales, avec le syndicat FO du CHU de Nantes, Force Ouvri\u00e8re est partout \u00e0 vos c\u00f4t\u00e9s.<br \/>\nEtre syndiqu\u00e9, c\u2019est contribuer \u00e0 faire conna\u00eetre le syndicat, \u00e0 d\u00e9velopper sa repr\u00e9sentativit\u00e9, ce qui permet au syndicat FO du CHU de Nantes d\u2019avoir des repr\u00e9sentants du personnel qui, eux, si\u00e8gent dans les instances dans lesquelles ils sont \u00e9lus, ceux-l\u00e0 m\u00eames qui vous renseignent et d\u00e9fendent vos dossiers. Ce mandat donn\u00e9 aux repr\u00e9sentants FO des personnels, renforcez le par votre adh\u00e9sion !<\/p>\n<p>&nbsp;<\/p>\n<h2 style=\"text-align: center;\">FORCE OUVRIERE: des femmes et des hommes libres dans un syndicat libre.<\/h2>\n<h2 style=\"text-align: center;\"><\/h2>\n<h2 style=\"text-align: center;\">La cotisation est d\u00e9ductible des imp\u00f4ts ou rembours\u00e9e sous forme de cr\u00e9dit d&#8217;imp\u00f4t, \u00e0 la hauteur de 66%.<\/h2>\n<h2 style=\"text-align: center;\"><a href=\"http:\/\/fo-chu-nantes.fr\/?page_id=20\" target=\"_blank\">Contactez nous !<\/a><\/h2>\n<hr \/>\n<h2 style=\"text-align: center;\"><\/h2>\n<p><iframe loading=\"lazy\" src=\"\/\/www.youtube.com\/embed\/Bo29lPJWGkI?feature=player_embedded\" width=\"640\" height=\"360\" frameborder=\"0\" allowfullscreen=\"allowfullscreen\"><\/iframe><\/p>\n","protected":false},"excerpt":{"rendered":"<p>Se syndiquer \u00e0 FORCE OUVRIERE &#8230; Pourquoi ? &nbsp; Certains diront \u00ab pour \u00eatre d\u00e9fendu \u00bb, d\u2019autres \u00ab pour se d\u00e9fendre ensemble \u00bb. En fait les deux id\u00e9es sont indissociables car se syndiquer c\u2019est s\u2019organiser, c\u2019est unis sur les revendications que l\u2019on peut se faire entendre et respecter. Une adh\u00e9sion \u00e0 un syndicat est un [&hellip;]<\/p>\n","protected":false},"author":1,"featured_media":0,"parent":0,"menu_order":0,"comment_status":"closed","ping_status":"closed","template":"","meta":{"footnotes":""},"_links":{"self":[{"href":"https:\/\/fo-chu-nantes.fr\/index.php?rest_route=\/wp\/v2\/pages\/193"}],"collection":[{"href":"https:\/\/fo-chu-nantes.fr\/index.php?rest_route=\/wp\/v2\/pages"}],"about":[{"href":"https:\/\/fo-chu-nantes.fr\/index.php?rest_route=\/wp\/v2\/types\/page"}],"author":[{"embeddable":true,"href":"https:\/\/fo-chu-nantes.fr\/index.php?rest_route=\/wp\/v2\/users\/1"}],"replies":[{"embeddable":true,"href":"https:\/\/fo-chu-nantes.fr\/index.php?rest_route=%2Fwp%2Fv2%2Fcomments&post=193"}],"version-history":[{"count":17,"href":"https:\/\/fo-chu-nantes.fr\/index.php?rest_route=\/wp\/v2\/pages\/193\/revisions"}],"predecessor-version":[{"id":508,"href":"https:\/\/fo-chu-nantes.fr\/index.php?rest_route=\/wp\/v2\/pages\/193\/revisions\/508"}],"wp:attachment":[{"href":"https:\/\/fo-chu-nantes.fr\/index.php?rest_route=%2Fwp%2Fv2%2Fmedia&parent=193"}],"curies":[{"name":"wp","href":"https:\/\/api.w.org\/{rel}","templated":true}]}}